{"id":46,"date":"2025-09-14T11:37:20","date_gmt":"2025-09-14T09:37:20","guid":{"rendered":"https:\/\/bmnekreativ.hu\/?page_id=46"},"modified":"2026-04-17T17:54:46","modified_gmt":"2026-04-17T15:54:46","slug":"kimenetek","status":"publish","type":"page","link":"https:\/\/bmnekreativ.hu\/en\/kimenetek\/","title":{"rendered":"OUTPUTS"},"content":{"rendered":"<div data-elementor-type=\"wp-page\" data-elementor-id=\"46\" class=\"elementor elementor-46\" data-elementor-post-type=\"page\">\n\t\t\t\t<div class=\"elementor-element elementor-element-b8ec2f4 e-flex e-con-boxed e-con e-parent\" data-id=\"b8ec2f4\" data-element_type=\"container\" data-e-type=\"container\">\n\t\t\t\t\t<div class=\"e-con-inner\">\n\t\t\t\t<div class=\"elementor-element elementor-element-2029da1 elementor-widget elementor-widget-spacer\" data-id=\"2029da1\" data-element_type=\"widget\" data-e-type=\"widget\" data-widget_type=\"spacer.default\">\n\t\t\t\t\t\t<div class=\"elementor-widget-container\">\n\t\t\t\t\t\t\t<div class=\"elementor-spacer\">\n\t\t\t<div class=\"elementor-spacer-inner\"><\/div>\n\t\t<\/div>\n\t\t\t\t\t\t<\/div>\n\t\t\t\t<\/div>\n\t\t<div class=\"elementor-element elementor-element-116d1c9 e-con-full e-flex elementor-invisible e-con e-child\" data-id=\"116d1c9\" data-element_type=\"container\" data-e-type=\"container\" data-settings=\"{&quot;background_background&quot;:&quot;classic&quot;,&quot;animation&quot;:&quot;fadeInLeft&quot;}\">\n\t\t\t\t<div class=\"elementor-element elementor-element-0a5e635 elementor-widget elementor-widget-heading\" data-id=\"0a5e635\" data-element_type=\"widget\" data-e-type=\"widget\" data-widget_type=\"heading.default\">\n\t\t\t\t\t\t<div class=\"elementor-widget-container\">\n\t\t\t\t\t<h2 class=\"elementor-heading-title elementor-size-default\">1. XX. Carpathian Basin Folk Textile Festival (public event)<\/h2>\t\t\t\t<\/div>\n\t\t\t\t<\/div>\n\t\t\t\t<div class=\"elementor-element elementor-element-4ecb98a elementor-widget elementor-widget-heading\" data-id=\"4ecb98a\" data-element_type=\"widget\" data-e-type=\"widget\" data-widget_type=\"heading.default\">\n\t\t\t\t\t\t<div class=\"elementor-widget-container\">\n\t\t\t\t\t<h3 class=\"elementor-heading-title elementor-size-default\">05\u201308.03.2026, B\u00e9k\u00e9scsaba, Hungary<\/h3>\t\t\t\t<\/div>\n\t\t\t\t<\/div>\n\t\t\t\t<div class=\"elementor-element elementor-element-955fd1a elementor-widget elementor-widget-text-editor\" data-id=\"955fd1a\" data-element_type=\"widget\" data-e-type=\"widget\" data-widget_type=\"text-editor.default\">\n\t\t\t\t\t\t<div class=\"elementor-widget-container\">\n\t\t\t\t\t\t\t\t\t<p>At this biennial conference (06\u201308.03.2026) all four partner organizations will be represented, focusing particularly on folk costumes and knowledge-transfer methods.<\/p><p>Each country will provide one speaker; an additional 3 participants from each partner country and 4\u20135 Hungarian participants will take part in joint workshops the day before the conference. The workshop will be led by renowned Hungarian fashion designer Melinda Moln\u00e1r Madar\u00e1sz. She will also present one selected Hungarian region, and, with her involvement, modern costume designs will be developed as a basis for later implementation.<\/p>\t\t\t\t\t\t\t\t<\/div>\n\t\t\t\t<\/div>\n\t\t\t\t<\/div>\n\t\t\t\t<div class=\"elementor-element elementor-element-b232823 elementor-widget elementor-widget-spacer\" data-id=\"b232823\" data-element_type=\"widget\" data-e-type=\"widget\" data-widget_type=\"spacer.default\">\n\t\t\t\t\t\t<div class=\"elementor-widget-container\">\n\t\t\t\t\t\t\t<div class=\"elementor-spacer\">\n\t\t\t<div class=\"elementor-spacer-inner\"><\/div>\n\t\t<\/div>\n\t\t\t\t\t\t<\/div>\n\t\t\t\t<\/div>\n\t\t<div class=\"elementor-element elementor-element-9dc7668 e-con-full e-flex elementor-invisible e-con e-child\" data-id=\"9dc7668\" data-element_type=\"container\" data-e-type=\"container\" data-settings=\"{&quot;background_background&quot;:&quot;classic&quot;,&quot;animation&quot;:&quot;fadeInRight&quot;}\">\n\t\t\t\t<div class=\"elementor-element elementor-element-121cb48 elementor-widget elementor-widget-heading\" data-id=\"121cb48\" data-element_type=\"widget\" data-e-type=\"widget\" data-widget_type=\"heading.default\">\n\t\t\t\t\t\t<div class=\"elementor-widget-container\">\n\t\t\t\t\t<h2 class=\"elementor-heading-title elementor-size-default\">2. Workshop in Slovakia (3 participants from each country, plus local experts)<\/h2>\t\t\t\t<\/div>\n\t\t\t\t<\/div>\n\t\t\t\t<div class=\"elementor-element elementor-element-beb1c66 elementor-widget elementor-widget-heading\" data-id=\"beb1c66\" data-element_type=\"widget\" data-e-type=\"widget\" data-widget_type=\"heading.default\">\n\t\t\t\t\t\t<div class=\"elementor-widget-container\">\n\t\t\t\t\t<h3 class=\"elementor-heading-title elementor-size-default\">June 4\u20137, 2026 \u2013 Bansk\u00e1 Bystrica, Slovakia<\/h3>\t\t\t\t<\/div>\n\t\t\t\t<\/div>\n\t\t\t\t<div class=\"elementor-element elementor-element-65d8e99 elementor-widget elementor-widget-text-editor\" data-id=\"65d8e99\" data-element_type=\"widget\" data-e-type=\"widget\" data-widget_type=\"text-editor.default\">\n\t\t\t\t\t\t<div class=\"elementor-widget-container\">\n\t\t\t\t\t\t\t\t\t<p>Presentation on Slovak folk costumes. Design exercises inspired by selected historical costume pieces from 1\u20132 regions.<\/p>\t\t\t\t\t\t\t\t<\/div>\n\t\t\t\t<\/div>\n\t\t\t\t<\/div>\n\t\t\t\t<div class=\"elementor-element elementor-element-93bc7d5 elementor-widget elementor-widget-spacer\" data-id=\"93bc7d5\" data-element_type=\"widget\" data-e-type=\"widget\" data-widget_type=\"spacer.default\">\n\t\t\t\t\t\t<div class=\"elementor-widget-container\">\n\t\t\t\t\t\t\t<div class=\"elementor-spacer\">\n\t\t\t<div class=\"elementor-spacer-inner\"><\/div>\n\t\t<\/div>\n\t\t\t\t\t\t<\/div>\n\t\t\t\t<\/div>\n\t\t<div class=\"elementor-element elementor-element-6db9c05 e-con-full e-flex elementor-invisible e-con e-child\" data-id=\"6db9c05\" data-element_type=\"container\" data-e-type=\"container\" data-settings=\"{&quot;background_background&quot;:&quot;classic&quot;,&quot;animation&quot;:&quot;fadeInLeft&quot;}\">\n\t\t\t\t<div class=\"elementor-element elementor-element-08f65c5 elementor-widget elementor-widget-heading\" data-id=\"08f65c5\" data-element_type=\"widget\" data-e-type=\"widget\" data-widget_type=\"heading.default\">\n\t\t\t\t\t\t<div class=\"elementor-widget-container\">\n\t\t\t\t\t<h2 class=\"elementor-heading-title elementor-size-default\">3. Workshop in the Czech Republic (3 participants from each country, plus local experts)<\/h2>\t\t\t\t<\/div>\n\t\t\t\t<\/div>\n\t\t\t\t<div class=\"elementor-element elementor-element-a446b4f elementor-widget elementor-widget-heading\" data-id=\"a446b4f\" data-element_type=\"widget\" data-e-type=\"widget\" data-widget_type=\"heading.default\">\n\t\t\t\t\t\t<div class=\"elementor-widget-container\">\n\t\t\t\t\t<h3 class=\"elementor-heading-title elementor-size-default\">September 18\u201321, 2026 \u2013 Str\u00e1\u017enice, Czech Republic<\/h3>\t\t\t\t<\/div>\n\t\t\t\t<\/div>\n\t\t\t\t<div class=\"elementor-element elementor-element-c4f5dbf elementor-widget elementor-widget-text-editor\" data-id=\"c4f5dbf\" data-element_type=\"widget\" data-e-type=\"widget\" data-widget_type=\"text-editor.default\">\n\t\t\t\t\t\t<div class=\"elementor-widget-container\">\n\t\t\t\t\t\t\t\t\t<p>Study of Czech folk costumes through presentations, followed by design work based on local traditions. Design exercises inspired by selected historical costume pieces from 1\u20132 regions.<\/p>\t\t\t\t\t\t\t\t<\/div>\n\t\t\t\t<\/div>\n\t\t\t\t<\/div>\n\t\t\t\t<div class=\"elementor-element elementor-element-6452db4 elementor-widget elementor-widget-spacer\" data-id=\"6452db4\" data-element_type=\"widget\" data-e-type=\"widget\" data-widget_type=\"spacer.default\">\n\t\t\t\t\t\t<div class=\"elementor-widget-container\">\n\t\t\t\t\t\t\t<div class=\"elementor-spacer\">\n\t\t\t<div class=\"elementor-spacer-inner\"><\/div>\n\t\t<\/div>\n\t\t\t\t\t\t<\/div>\n\t\t\t\t<\/div>\n\t\t<div class=\"elementor-element elementor-element-98bbe4a e-con-full e-flex elementor-invisible e-con e-child\" data-id=\"98bbe4a\" data-element_type=\"container\" data-e-type=\"container\" data-settings=\"{&quot;background_background&quot;:&quot;classic&quot;,&quot;animation&quot;:&quot;fadeInRight&quot;}\">\n\t\t\t\t<div class=\"elementor-element elementor-element-d0db8a7 elementor-widget elementor-widget-heading\" data-id=\"d0db8a7\" data-element_type=\"widget\" data-e-type=\"widget\" data-widget_type=\"heading.default\">\n\t\t\t\t\t\t<div class=\"elementor-widget-container\">\n\t\t\t\t\t<h2 class=\"elementor-heading-title elementor-size-default\">4. Workshop in Poland (3 participants from each country, plus local experts)<\/h2>\t\t\t\t<\/div>\n\t\t\t\t<\/div>\n\t\t\t\t<div class=\"elementor-element elementor-element-93774fb elementor-widget elementor-widget-heading\" data-id=\"93774fb\" data-element_type=\"widget\" data-e-type=\"widget\" data-widget_type=\"heading.default\">\n\t\t\t\t\t\t<div class=\"elementor-widget-container\">\n\t\t\t\t\t<h3 class=\"elementor-heading-title elementor-size-default\">November 20\u201323, 2026 \u2013 Zakopane, Poland<\/h3>\t\t\t\t<\/div>\n\t\t\t\t<\/div>\n\t\t\t\t<div class=\"elementor-element elementor-element-f7bdb96 elementor-widget elementor-widget-text-editor\" data-id=\"f7bdb96\" data-element_type=\"widget\" data-e-type=\"widget\" data-widget_type=\"text-editor.default\">\n\t\t\t\t\t\t<div class=\"elementor-widget-container\">\n\t\t\t\t\t\t\t\t\t<p>Study of Polish folk costumes through presentations, followed by design work based on local traditions. Design exercises inspired by selected historical costume pieces from 1\u20132 regions.<\/p>\t\t\t\t\t\t\t\t<\/div>\n\t\t\t\t<\/div>\n\t\t\t\t<\/div>\n\t\t\t\t<div class=\"elementor-element elementor-element-15e34da elementor-widget elementor-widget-spacer\" data-id=\"15e34da\" data-element_type=\"widget\" data-e-type=\"widget\" data-widget_type=\"spacer.default\">\n\t\t\t\t\t\t<div class=\"elementor-widget-container\">\n\t\t\t\t\t\t\t<div class=\"elementor-spacer\">\n\t\t\t<div class=\"elementor-spacer-inner\"><\/div>\n\t\t<\/div>\n\t\t\t\t\t\t<\/div>\n\t\t\t\t<\/div>\n\t\t<div class=\"elementor-element elementor-element-6faa43b e-con-full e-flex elementor-invisible e-con e-child\" data-id=\"6faa43b\" data-element_type=\"container\" data-e-type=\"container\" data-settings=\"{&quot;background_background&quot;:&quot;classic&quot;,&quot;animation&quot;:&quot;fadeInLeft&quot;}\">\n\t\t\t\t<div class=\"elementor-element elementor-element-93f942f elementor-widget elementor-widget-heading\" data-id=\"93f942f\" data-element_type=\"widget\" data-e-type=\"widget\" data-widget_type=\"heading.default\">\n\t\t\t\t\t\t<div class=\"elementor-widget-container\">\n\t\t\t\t\t<h2 class=\"elementor-heading-title elementor-size-default\">5. Online workshop \u2013 review of completed designs, exchange of experiences<\/h2>\t\t\t\t<\/div>\n\t\t\t\t<\/div>\n\t\t\t\t<div class=\"elementor-element elementor-element-06247bf elementor-widget elementor-widget-heading\" data-id=\"06247bf\" data-element_type=\"widget\" data-e-type=\"widget\" data-widget_type=\"heading.default\">\n\t\t\t\t\t\t<div class=\"elementor-widget-container\">\n\t\t\t\t\t<h3 class=\"elementor-heading-title elementor-size-default\">January 2027, online<\/h3>\t\t\t\t<\/div>\n\t\t\t\t<\/div>\n\t\t\t\t<div class=\"elementor-element elementor-element-14076b0 elementor-widget elementor-widget-text-editor\" data-id=\"14076b0\" data-element_type=\"widget\" data-e-type=\"widget\" data-widget_type=\"text-editor.default\">\n\t\t\t\t\t\t<div class=\"elementor-widget-container\">\n\t\t\t\t\t\t\t\t\t<p>As the closing event of the project, an online workshop will be held to summarize the experiences of the workshops and conference.<\/p><p>Each country will present the designs developed during and after the visits, and jointly agree on which designs will serve as the basis for the production of the 3\u20133 costumes per country (12 in total).<\/p>\t\t\t\t\t\t\t\t<\/div>\n\t\t\t\t<\/div>\n\t\t\t\t<\/div>\n\t\t\t\t<div class=\"elementor-element elementor-element-913be41 elementor-widget elementor-widget-spacer\" data-id=\"913be41\" data-element_type=\"widget\" data-e-type=\"widget\" data-widget_type=\"spacer.default\">\n\t\t\t\t\t\t<div class=\"elementor-widget-container\">\n\t\t\t\t\t\t\t<div class=\"elementor-spacer\">\n\t\t\t<div class=\"elementor-spacer-inner\"><\/div>\n\t\t<\/div>\n\t\t\t\t\t\t<\/div>\n\t\t\t\t<\/div>\n\t\t<div class=\"elementor-element elementor-element-bfd1437 e-con-full e-flex elementor-invisible e-con e-child\" data-id=\"bfd1437\" data-element_type=\"container\" data-e-type=\"container\" data-settings=\"{&quot;background_background&quot;:&quot;classic&quot;,&quot;animation&quot;:&quot;fadeInRight&quot;}\">\n\t\t\t\t<div class=\"elementor-element elementor-element-3add1de elementor-widget elementor-widget-heading\" data-id=\"3add1de\" data-element_type=\"widget\" data-e-type=\"widget\" data-widget_type=\"heading.default\">\n\t\t\t\t\t\t<div class=\"elementor-widget-container\">\n\t\t\t\t\t<h2 class=\"elementor-heading-title elementor-size-default\">6. Digital publication and virtual gallery \u2013 joint final publication<\/h2>\t\t\t\t<\/div>\n\t\t\t\t<\/div>\n\t\t\t\t<div class=\"elementor-element elementor-element-a9ecba5 elementor-widget elementor-widget-heading\" data-id=\"a9ecba5\" data-element_type=\"widget\" data-e-type=\"widget\" data-widget_type=\"heading.default\">\n\t\t\t\t\t\t<div class=\"elementor-widget-container\">\n\t\t\t\t\t<h3 class=\"elementor-heading-title elementor-size-default\">April 2027<\/h3>\t\t\t\t<\/div>\n\t\t\t\t<\/div>\n\t\t\t\t<div class=\"elementor-element elementor-element-716c49c elementor-widget elementor-widget-text-editor\" data-id=\"716c49c\" data-element_type=\"widget\" data-e-type=\"widget\" data-widget_type=\"text-editor.default\">\n\t\t\t\t\t\t<div class=\"elementor-widget-container\">\n\t\t\t\t\t\t\t\t\t<p>A joint English-language digital publication will be prepared presenting the costumes produced during the project, the original folk costume pieces that inspired them, contemporary costume elements, and the design drawings developed during the workshops. The publication will also include the elaborated design methodology, documentation of ongoing professional consultations, best practices, and a joint virtual gallery will be established.<\/p>\t\t\t\t\t\t\t\t<\/div>\n\t\t\t\t<\/div>\n\t\t\t\t<\/div>\n\t\t\t\t\t<\/div>\n\t\t\t\t<\/div>\n\t\t<div class=\"elementor-element elementor-element-4a22012 e-flex e-con-boxed e-con e-parent\" data-id=\"4a22012\" data-element_type=\"container\" data-e-type=\"container\">\n\t\t\t\t\t<div class=\"e-con-inner\">\n\t\t\t\t<div class=\"elementor-element elementor-element-c93165b elementor-widget elementor-widget-spacer\" data-id=\"c93165b\" data-element_type=\"widget\" data-e-type=\"widget\" data-widget_type=\"spacer.default\">\n\t\t\t\t\t\t<div class=\"elementor-widget-container\">\n\t\t\t\t\t\t\t<div class=\"elementor-spacer\">\n\t\t\t<div class=\"elementor-spacer-inner\"><\/div>\n\t\t<\/div>\n\t\t\t\t\t\t<\/div>\n\t\t\t\t<\/div>\n\t\t\t\t\t<\/div>\n\t\t\t\t<\/div>\n\t\t\t\t<\/div>","protected":false},"excerpt":{"rendered":"<p>1. XX. K\u00e1rp\u00e1t-medencei N\u00e9pi Textilek Fesztiv\u00e1lja (nyilv\u00e1nos rendezv\u00e9ny) &#8211; 2026.03.05.\u20132026.03.08. B\u00e9k\u00e9scsaba, Magyarorsz\u00e1g<\/p>","protected":false},"author":1,"featured_media":312,"parent":0,"menu_order":0,"comment_status":"closed","ping_status":"closed","template":"","meta":{"_seopress_robots_primary_cat":"","_seopress_titles_title":"","_seopress_titles_desc":"","_seopress_robots_index":"","footnotes":""},"class_list":["post-46","page","type-page","status-publish","has-post-thumbnail","hentry"],"_links":{"self":[{"href":"https:\/\/bmnekreativ.hu\/en\/wp-json\/wp\/v2\/pages\/46","targetHints":{"allow":["GET"]}}],"collection":[{"href":"https:\/\/bmnekreativ.hu\/en\/wp-json\/wp\/v2\/pages"}],"about":[{"href":"https:\/\/bmnekreativ.hu\/en\/wp-json\/wp\/v2\/types\/page"}],"author":[{"embeddable":true,"href":"https:\/\/bmnekreativ.hu\/en\/wp-json\/wp\/v2\/users\/1"}],"replies":[{"embeddable":true,"href":"https:\/\/bmnekreativ.hu\/en\/wp-json\/wp\/v2\/comments?post=46"}],"version-history":[{"count":64,"href":"https:\/\/bmnekreativ.hu\/en\/wp-json\/wp\/v2\/pages\/46\/revisions"}],"predecessor-version":[{"id":550,"href":"https:\/\/bmnekreativ.hu\/en\/wp-json\/wp\/v2\/pages\/46\/revisions\/550"}],"wp:featuredmedia":[{"embeddable":true,"href":"https:\/\/bmnekreativ.hu\/en\/wp-json\/wp\/v2\/media\/312"}],"wp:attachment":[{"href":"https:\/\/bmnekreativ.hu\/en\/wp-json\/wp\/v2\/media?parent=46"}],"curies":[{"name":"wp","href":"https:\/\/api.w.org\/{rel}","templated":true}]}}